{"id":725,"date":"2024-09-27T12:46:38","date_gmt":"2024-09-27T12:46:38","guid":{"rendered":"https:\/\/10klleida.com\/noticies\/"},"modified":"2024-10-17T12:23:41","modified_gmt":"2024-10-17T12:23:41","slug":"noticies","status":"publish","type":"page","link":"https:\/\/10klleida.com\/ca\/noticies\/","title":{"rendered":"NOT\u00cdCIES"},"content":{"rendered":"<div class=\"wpb-content-wrapper\"><p>[vc_row css_animation=&#8221;&#8221; row_type=&#8221;row&#8221; use_row_as_full_screen_section=&#8221;no&#8221; type=&#8221;grid&#8221; angled_section=&#8221;no&#8221; text_align=&#8221;left&#8221; background_image_as_pattern=&#8221;without_pattern&#8221; z_index=&#8221;&#8221; padding_top=&#8221;100&#8243;][vc_column][vc_column_text css=&#8221;&#8221;]<\/p>\n<h2>\u00daltimes not\u00edcies<\/h2>\n<p>[\/vc_column_text]<div class='q_masonry_blog'><div class=\"q_masonry_blog_grid_sizer\"><\/div><div class=\"q_masonry_blog_grid_gutter\"><\/div><article  class='post-935 post type-post status-publish format-standard has-post-thumbnail hentry category-sin-categorizar tag-10k-ca tag-carrera-ca tag-internacional-ca '><div class=\"q_masonry_blog_post_image\"><a itemprop=\"url\" href=\"https:\/\/10klleida.com\/ca\/afectacions-al-transit-per-al-proper-24-de-novembre\/\" target=\"_self\"><img decoding=\"async\" itemprop=\"image\" src=\"https:\/\/10klleida.com\/wp-content\/uploads\/2024\/11\/Captura-de-pantalla-2024-11-14-a-las-13.35.57.png\" alt=\"\" \/><\/a><\/div><div class=\"q_masonry_blog_post_text\"><h5 itemprop=\"name\" class=\"q_masonry_blog_title entry_title\"><a itemprop=\"url\" href=\"https:\/\/10klleida.com\/ca\/afectacions-al-transit-per-al-proper-24-de-novembre\/\">Afectacions al tr\u00e0nsit per al proper 24 de novembre<\/a><\/h5><p itemprop=\"description\" class=\"q_masonry_blog_excerpt\">Amb motiu de la celebraci\u00f3 de la cursa 10k Lleida Race International , informem sobre les segu\u0308ents afectacions al tr\u00e0nsit que tindran lloc el diumenge dia 24 de novembre per garantir la seguretat dels participants i facilitar el desenvolupament de la cursa. Afectacions al tr\u00e0nsit......<\/p><div class=\"q_masonry_blog_post_info\"><span itemprop=\"dateCreated\" class=\"time entry_date updated\">13 novembre, 2024<meta itemprop=\"interactionCount\" content=\"UserComments: <?php echo get_comments_number(qode_get_page_id()); ?>\"\/><\/span> \/ <a itemprop=\"url\" class=\"post_comments\" href=\"https:\/\/10klleida.com\/ca\/afectacions-al-transit-per-al-proper-24-de-novembre\/#respond\">No comment<\/a><\/div><\/div><\/article><article  class='post-759 post type-post status-publish format-standard has-post-thumbnail hentry category-sin-categorizar tag-10k-ca tag-carrera-ca tag-internacional-ca '><div class=\"q_masonry_blog_post_image\"><a itemprop=\"url\" href=\"https:\/\/10klleida.com\/ca\/la-10k-lleida-race-international-vol-ser-la-mes-rapida-del-pais\/\" target=\"_self\"><img decoding=\"async\" itemprop=\"image\" src=\"https:\/\/10klleida.com\/wp-content\/uploads\/2024\/10\/La-10K-Lleida-Race-International-quiere-ser-la-mas-rapida-del-pais.jpg\" alt=\"\" \/><\/a><\/div><div class=\"q_masonry_blog_post_text\"><h5 itemprop=\"name\" class=\"q_masonry_blog_title entry_title\"><a itemprop=\"url\" href=\"https:\/\/10klleida.com\/ca\/la-10k-lleida-race-international-vol-ser-la-mes-rapida-del-pais\/\">La 10K Lleida Race International vol ser la m\u00e9s r\u00e0pida del pa\u00eds<\/a><\/h5><p itemprop=\"description\" class=\"q_masonry_blog_excerpt\">La 10K Lleida Race International vol ser la m\u00e9s r\u00e0pida del pa\u00eds Aquesta tarda s&#8217;han revelat tots els detalls de la primera 10K Lleida Race International que tindr\u00e0 lloc el proper 24 de novembre . A les 18,00 h., a la Diputaci\u00f3 de Lleida, Abdolgahni......<\/p><div class=\"q_masonry_blog_post_info\"><span itemprop=\"dateCreated\" class=\"time entry_date updated\">14 octubre, 2024<meta itemprop=\"interactionCount\" content=\"UserComments: <?php echo get_comments_number(qode_get_page_id()); ?>\"\/><\/span> \/ <a itemprop=\"url\" class=\"post_comments\" href=\"https:\/\/10klleida.com\/ca\/la-10k-lleida-race-international-vol-ser-la-mes-rapida-del-pais\/#respond\">No comment<\/a><\/div><\/div><\/article><article  class='post-745 post type-post status-publish format-standard has-post-thumbnail hentry category-sin-categorizar tag-10k-ca tag-carrera-ca tag-internacional-ca '><div class=\"q_masonry_blog_post_image\"><a itemprop=\"url\" href=\"https:\/\/10klleida.com\/ca\/lleida-crea-una-nova-carrera-de-10k-amb-vocacio-internacional-i-dos-grans-noms-confirmats\/\" target=\"_self\"><img decoding=\"async\" itemprop=\"image\" src=\"https:\/\/10klleida.com\/wp-content\/uploads\/2024\/10\/Lleida-crea-una-nueva-carrera-de-10K-con-vocacion-internacional-y-dos-grandes-nombres-confirmados.jpg\" alt=\"\" \/><\/a><\/div><div class=\"q_masonry_blog_post_text\"><h5 itemprop=\"name\" class=\"q_masonry_blog_title entry_title\"><a itemprop=\"url\" href=\"https:\/\/10klleida.com\/ca\/lleida-crea-una-nova-carrera-de-10k-amb-vocacio-internacional-i-dos-grans-noms-confirmats\/\">Lleida crea una nova carrera de 10K amb vocaci\u00f3 internacional i dos grans noms confirmats<\/a><\/h5><p itemprop=\"description\" class=\"q_masonry_blog_excerpt\">Lleida crea una nova carrera de 10K amb vocaci\u00f3 internacional i dos grans noms confirmats La 10K Lleida Race International obrir\u00e0 la seva hist\u00f2ria el 24 de novembre amb places limitades per a 2.000 persones i dues de les grans refer\u00e8ncies del fons a Espanya......<\/p><div class=\"q_masonry_blog_post_info\"><span itemprop=\"dateCreated\" class=\"time entry_date updated\">14 octubre, 2024<meta itemprop=\"interactionCount\" content=\"UserComments: <?php echo get_comments_number(qode_get_page_id()); ?>\"\/><\/span> \/ <a itemprop=\"url\" class=\"post_comments\" href=\"https:\/\/10klleida.com\/ca\/lleida-crea-una-nova-carrera-de-10k-amb-vocacio-internacional-i-dos-grans-noms-confirmats\/#respond\">No comment<\/a><\/div><\/div><\/article><article  class='post-747 post type-post status-publish format-standard has-post-thumbnail hentry category-sin-categorizar tag-10k-ca tag-carrera-ca tag-cita-esportiva tag-internacional-ca '><div class=\"q_masonry_blog_post_image\"><a itemprop=\"url\" href=\"https:\/\/10klleida.com\/ca\/es-presenta-la-10k-lleida-cita-esportiva-que-cerca-ser-referent-nacional\/\" target=\"_self\"><img decoding=\"async\" itemprop=\"image\" src=\"https:\/\/10klleida.com\/wp-content\/uploads\/2024\/10\/Se-presenta-la-10K-Lleida-cita-deportiva-que-busca-ser-referente-nacional.jpg\" alt=\"\" \/><\/a><\/div><div class=\"q_masonry_blog_post_text\"><h5 itemprop=\"name\" class=\"q_masonry_blog_title entry_title\"><a itemprop=\"url\" href=\"https:\/\/10klleida.com\/ca\/es-presenta-la-10k-lleida-cita-esportiva-que-cerca-ser-referent-nacional\/\">Es presenta la 10K Lleida, cita esportiva que cerca ser referent nacional<\/a><\/h5><p itemprop=\"description\" class=\"q_masonry_blog_excerpt\">Es presenta la 10K Lleida, cita esportiva que cerca ser referent nacional Comen\u00e7a el compte enrere per a la primera edici\u00f3 de la 10K Lleida Race Internacional , organitzada per l&#8217; Associaci\u00f3 Leridana d&#8217;Esport (ALEDE) . La data escollida \u00e9s el 24 de novembre, a......<\/p><div class=\"q_masonry_blog_post_info\"><span itemprop=\"dateCreated\" class=\"time entry_date updated\">13 octubre, 2024<meta itemprop=\"interactionCount\" content=\"UserComments: <?php echo get_comments_number(qode_get_page_id()); ?>\"\/><\/span> \/ <a itemprop=\"url\" class=\"post_comments\" href=\"https:\/\/10klleida.com\/ca\/es-presenta-la-10k-lleida-cita-esportiva-que-cerca-ser-referent-nacional\/#respond\">No comment<\/a><\/div><\/div><\/article><article  class='post-757 post type-post status-publish format-standard has-post-thumbnail hentry category-sin-categorizar tag-carrera-ca tag-diputacio-de-lleida tag-presentacio '><div class=\"q_masonry_blog_post_image\"><a itemprop=\"url\" href=\"https:\/\/10klleida.com\/ca\/la-10k-lleida-atacara-nous-records\/\" target=\"_self\"><img decoding=\"async\" itemprop=\"image\" src=\"https:\/\/10klleida.com\/wp-content\/uploads\/2024\/10\/lleida-10-k-.jpg\" alt=\"\" \/><\/a><\/div><div class=\"q_masonry_blog_post_text\"><h5 itemprop=\"name\" class=\"q_masonry_blog_title entry_title\"><a itemprop=\"url\" href=\"https:\/\/10klleida.com\/ca\/la-10k-lleida-atacara-nous-records\/\">La 10K Lleida atacar\u00e0 nous r\u00e8cords<\/a><\/h5><p itemprop=\"description\" class=\"q_masonry_blog_excerpt\">La 10K Lleida atacar\u00e0 nous r\u00e8cords Ahir es va presentar a la Diputaci\u00f3 de Lleida la 10K Lleida Race International , cursa que tindr\u00e0 lloc el proper 24 de novembre a la ciutat que porta el seu nom. Aquesta cita esportiva promet ser un dels......<\/p><div class=\"q_masonry_blog_post_info\"><span itemprop=\"dateCreated\" class=\"time entry_date updated\">09 octubre, 2024<meta itemprop=\"interactionCount\" content=\"UserComments: <?php echo get_comments_number(qode_get_page_id()); ?>\"\/><\/span> \/ <a itemprop=\"url\" class=\"post_comments\" href=\"https:\/\/10klleida.com\/ca\/la-10k-lleida-atacara-nous-records\/#respond\">No comment<\/a><\/div><\/div><\/article><article  class='post-748 post type-post status-publish format-standard has-post-thumbnail hentry category-sin-categorizar '><div class=\"q_masonry_blog_post_image\"><a itemprop=\"url\" href=\"https:\/\/10klleida.com\/ca\/lleida-vol-correr-com-mai\/\" target=\"_self\"><img decoding=\"async\" itemprop=\"image\" src=\"https:\/\/10klleida.com\/wp-content\/uploads\/2024\/09\/noticia-10k-corredora.jpg\" alt=\"\" \/><\/a><\/div><div class=\"q_masonry_blog_post_text\"><h5 itemprop=\"name\" class=\"q_masonry_blog_title entry_title\"><a itemprop=\"url\" href=\"https:\/\/10klleida.com\/ca\/lleida-vol-correr-com-mai\/\">Lleida vol c\u00f3rrer com mai<\/a><\/h5><p itemprop=\"description\" class=\"q_masonry_blog_excerpt\">Lleida vol c\u00f3rrer com mai La maratoniana ol\u00edmpica Meritxell Soler \u00e9s la primera gran atleta confirmada pel 10K Lleida Race International. Ve a competir amb les m\u00e9s grans de la dist\u00e0ncia. Sense por, amb humilitat i ambici\u00f3, premisses b\u00e0siques que han d&#8217;acompanyar tothom que vulgui......<\/p><div class=\"q_masonry_blog_post_info\"><span itemprop=\"dateCreated\" class=\"time entry_date updated\">30 setembre, 2024<meta itemprop=\"interactionCount\" content=\"UserComments: <?php echo get_comments_number(qode_get_page_id()); ?>\"\/><\/span> \/ <a itemprop=\"url\" class=\"post_comments\" href=\"https:\/\/10klleida.com\/ca\/lleida-vol-correr-com-mai\/#respond\">No comment<\/a><\/div><\/div><\/article><article  class='post-749 post type-post status-publish format-standard has-post-thumbnail hentry category-sin-categorizar '><div class=\"q_masonry_blog_post_image\"><a itemprop=\"url\" href=\"https:\/\/10klleida.com\/ca\/oukhelfen-i-meritxell-soler-les-grans-estrelles-del-10k-lleida-race-international\/\" target=\"_self\"><img decoding=\"async\" itemprop=\"image\" src=\"https:\/\/10klleida.com\/wp-content\/uploads\/2024\/09\/noticia-10k-as.jpg\" alt=\"\" \/><\/a><\/div><div class=\"q_masonry_blog_post_text\"><h5 itemprop=\"name\" class=\"q_masonry_blog_title entry_title\"><a itemprop=\"url\" href=\"https:\/\/10klleida.com\/ca\/oukhelfen-i-meritxell-soler-les-grans-estrelles-del-10k-lleida-race-international\/\">Oukhelfen i Meritxell Soler, les grans estrelles del 10K Lleida Race International<\/a><\/h5><p itemprop=\"description\" class=\"q_masonry_blog_excerpt\">Oukhelfen i Meritxell Soler, les grans estrelles del 10K Lleida Race International &nbsp; Els dos atletes espanyols participaran en aquesta cursa organitzada per l&#8217;Associaci\u00f3 Leridana de l&#8217;Esport el proper 24 de novembre. &nbsp; L&#8217;Associaci\u00f3 Leridana de l&#8217;Esport (ALEDE), amb la col\u00b7laboraci\u00f3 de l&#8217;Ajuntament de Lleida,......<\/p><div class=\"q_masonry_blog_post_info\"><span itemprop=\"dateCreated\" class=\"time entry_date updated\">30 setembre, 2024<meta itemprop=\"interactionCount\" content=\"UserComments: <?php echo get_comments_number(qode_get_page_id()); ?>\"\/><\/span> \/ <a itemprop=\"url\" class=\"post_comments\" href=\"https:\/\/10klleida.com\/ca\/oukhelfen-i-meritxell-soler-les-grans-estrelles-del-10k-lleida-race-international\/#respond\">No comment<\/a><\/div><\/div><\/article><article  class='post-755 post type-post status-publish format-standard has-post-thumbnail hentry category-sin-categorizar '><div class=\"q_masonry_blog_post_image\"><a itemprop=\"url\" href=\"https:\/\/10klleida.com\/ca\/lleida-vol-correr-com-mai-2\/\" target=\"_self\"><img decoding=\"async\" itemprop=\"image\" src=\"https:\/\/10klleida.com\/wp-content\/uploads\/2024\/09\/noticia-10-corricolae.jpg\" alt=\"\" \/><\/a><\/div><div class=\"q_masonry_blog_post_text\"><h5 itemprop=\"name\" class=\"q_masonry_blog_title entry_title\"><a itemprop=\"url\" href=\"https:\/\/10klleida.com\/ca\/lleida-vol-correr-com-mai-2\/\">Lleida vol c\u00f3rrer com mai<\/a><\/h5><p itemprop=\"description\" class=\"q_masonry_blog_excerpt\">Lleida vol c\u00f3rrer com mai &nbsp; El 24 de novembre a les 10.00 l&#8217;Associaci\u00f3 Leridana de l&#8217;Esport donar\u00e0 el tret de sortida a la primera edici\u00f3 del 10K Lleida Race International. &nbsp; 10K Lleida Race International, prova plana, en circuit urb\u00e0 (sortida i arribada a......<\/p><div class=\"q_masonry_blog_post_info\"><span itemprop=\"dateCreated\" class=\"time entry_date updated\">30 setembre, 2024<meta itemprop=\"interactionCount\" content=\"UserComments: <?php echo get_comments_number(qode_get_page_id()); ?>\"\/><\/span> \/ <a itemprop=\"url\" class=\"post_comments\" href=\"https:\/\/10klleida.com\/ca\/lleida-vol-correr-com-mai-2\/#respond\">No comment<\/a><\/div><\/div><\/article><article  class='post-746 post type-post status-publish format-standard has-post-thumbnail hentry category-sin-categorizar '><div class=\"q_masonry_blog_post_image\"><a itemprop=\"url\" href=\"https:\/\/10klleida.com\/ca\/neix-a-lleida-la-primera-prova-estatal-de-10-km\/\" target=\"_self\"><img decoding=\"async\" itemprop=\"image\" src=\"https:\/\/10klleida.com\/wp-content\/uploads\/2024\/09\/noticia-10k-segre.jpg\" alt=\"\" \/><\/a><\/div><div class=\"q_masonry_blog_post_text\"><h5 itemprop=\"name\" class=\"q_masonry_blog_title entry_title\"><a itemprop=\"url\" href=\"https:\/\/10klleida.com\/ca\/neix-a-lleida-la-primera-prova-estatal-de-10-km\/\">Neix a Lleida la primera prova estatal de 10 km<\/a><\/h5><p itemprop=\"description\" class=\"q_masonry_blog_excerpt\">Neix a Lleida la primera prova estatal de 10 km El 24 de novembre i per al futur es preveu una de 5 km, una milla i un cros Lleida albergar\u00e0 aquest any la primera prova de 10K de car\u00e0cter estatal i la primera que......<\/p><div class=\"q_masonry_blog_post_info\"><span itemprop=\"dateCreated\" class=\"time entry_date updated\">29 setembre, 2024<meta itemprop=\"interactionCount\" content=\"UserComments: <?php echo get_comments_number(qode_get_page_id()); ?>\"\/><\/span> \/ <a itemprop=\"url\" class=\"post_comments\" href=\"https:\/\/10klleida.com\/ca\/neix-a-lleida-la-primera-prova-estatal-de-10-km\/#respond\">No comment<\/a><\/div><\/div><\/article><\/div>[\/vc_column][\/vc_row]<\/p>\n<\/div>","protected":false},"excerpt":{"rendered":"<p>[vc_row css_animation=&#8221;&#8221; row_type=&#8221;row&#8221; use_row_as_full_screen_section=&#8221;no&#8221; type=&#8221;grid&#8221; angled_section=&#8221;no&#8221; text_align=&#8221;left&#8221; background_image_as_pattern=&#8221;without_pattern&#8221; z_index=&#8221;&#8221; padding_top=&#8221;100&#8243;][vc_column][vc_column_text css=&#8221;&#8221;] \u00daltimes not\u00edcies [\/vc_column_text][\/vc_column][\/vc_row]<\/p>\n","protected":false},"author":1,"featured_media":0,"parent":0,"menu_order":0,"comment_status":"closed","ping_status":"closed","template":"full_width.php","meta":{"content-type":"","om_disable_all_campaigns":false,"_monsterinsights_skip_tracking":false,"_monsterinsights_sitenote_active":false,"_monsterinsights_sitenote_note":"","_monsterinsights_sitenote_category":0,"_uf_show_specific_survey":0,"_uf_disable_surveys":false,"footnotes":""},"class_list":["post-725","page","type-page","status-publish","hentry"],"aioseo_notices":[],"yoast_head":"<!-- This site is optimized with the Yoast SEO plugin v23.5 - https:\/\/yoast.com\/wordpress\/plugins\/seo\/ -->\n<title>NOT\u00cdCIES - 10K Lleida<\/title>\n<meta name=\"robots\" content=\"index, follow, max-snippet:-1, max-image-preview:large, max-video-preview:-1\" \/>\n<link rel=\"canonical\" href=\"https:\/\/10klleida.com\/ca\/?page_id=725\" \/>\n<meta property=\"og:locale\" content=\"ca_ES\" \/>\n<meta property=\"og:type\" content=\"article\" \/>\n<meta property=\"og:title\" content=\"NOT\u00cdCIES - 10K Lleida\" \/>\n<meta property=\"og:description\" content=\"[vc_row css_animation=&#8221;&#8221; row_type=&#8221;row&#8221; use_row_as_full_screen_section=&#8221;no&#8221; type=&#8221;grid&#8221; angled_section=&#8221;no&#8221; text_align=&#8221;left&#8221; background_image_as_pattern=&#8221;without_pattern&#8221; z_index=&#8221;&#8221; padding_top=&#8221;100&#8243;][vc_column][vc_column_text css=&#8221;&#8221;] \u00daltimes not\u00edcies [\/vc_column_text][\/vc_column][\/vc_row]\" \/>\n<meta property=\"og:url\" content=\"https:\/\/10klleida.com\/ca\/?page_id=725\" \/>\n<meta property=\"og:site_name\" content=\"10K Lleida\" \/>\n<meta property=\"article:modified_time\" content=\"2024-10-17T12:23:41+00:00\" \/>\n<meta name=\"twitter:card\" content=\"summary_large_image\" \/>\n<script type=\"application\/ld+json\" class=\"yoast-schema-graph\">{\"@context\":\"https:\/\/schema.org\",\"@graph\":[{\"@type\":\"WebPage\",\"@id\":\"https:\/\/10klleida.com\/ca\/?page_id=725\",\"url\":\"https:\/\/10klleida.com\/ca\/?page_id=725\",\"name\":\"NOT\u00cdCIES - 10K Lleida\",\"isPartOf\":{\"@id\":\"https:\/\/10klleida.com\/#website\"},\"datePublished\":\"2024-09-27T12:46:38+00:00\",\"dateModified\":\"2024-10-17T12:23:41+00:00\",\"breadcrumb\":{\"@id\":\"https:\/\/10klleida.com\/ca\/?page_id=725#breadcrumb\"},\"inLanguage\":\"ca\",\"potentialAction\":[{\"@type\":\"ReadAction\",\"target\":[\"https:\/\/10klleida.com\/ca\/?page_id=725\"]}]},{\"@type\":\"BreadcrumbList\",\"@id\":\"https:\/\/10klleida.com\/ca\/?page_id=725#breadcrumb\",\"itemListElement\":[{\"@type\":\"ListItem\",\"position\":1,\"name\":\"Portada\",\"item\":\"https:\/\/10klleida.com\/ca\/\"},{\"@type\":\"ListItem\",\"position\":2,\"name\":\"NOT\u00cdCIES\"}]},{\"@type\":\"WebSite\",\"@id\":\"https:\/\/10klleida.com\/#website\",\"url\":\"https:\/\/10klleida.com\/\",\"name\":\"10K Lleida\",\"description\":\"10K Lleida\",\"potentialAction\":[{\"@type\":\"SearchAction\",\"target\":{\"@type\":\"EntryPoint\",\"urlTemplate\":\"https:\/\/10klleida.com\/?s={search_term_string}\"},\"query-input\":{\"@type\":\"PropertyValueSpecification\",\"valueRequired\":true,\"valueName\":\"search_term_string\"}}],\"inLanguage\":\"ca\"}]}<\/script>\n<!-- \/ Yoast SEO plugin. -->","yoast_head_json":{"title":"NOT\u00cdCIES - 10K Lleida","robots":{"index":"index","follow":"follow","max-snippet":"max-snippet:-1","max-image-preview":"max-image-preview:large","max-video-preview":"max-video-preview:-1"},"canonical":"https:\/\/10klleida.com\/ca\/?page_id=725","og_locale":"ca_ES","og_type":"article","og_title":"NOT\u00cdCIES - 10K Lleida","og_description":"[vc_row css_animation=&#8221;&#8221; row_type=&#8221;row&#8221; use_row_as_full_screen_section=&#8221;no&#8221; type=&#8221;grid&#8221; angled_section=&#8221;no&#8221; text_align=&#8221;left&#8221; background_image_as_pattern=&#8221;without_pattern&#8221; z_index=&#8221;&#8221; padding_top=&#8221;100&#8243;][vc_column][vc_column_text css=&#8221;&#8221;] \u00daltimes not\u00edcies [\/vc_column_text][\/vc_column][\/vc_row]","og_url":"https:\/\/10klleida.com\/ca\/?page_id=725","og_site_name":"10K Lleida","article_modified_time":"2024-10-17T12:23:41+00:00","twitter_card":"summary_large_image","schema":{"@context":"https:\/\/schema.org","@graph":[{"@type":"WebPage","@id":"https:\/\/10klleida.com\/ca\/?page_id=725","url":"https:\/\/10klleida.com\/ca\/?page_id=725","name":"NOT\u00cdCIES - 10K Lleida","isPartOf":{"@id":"https:\/\/10klleida.com\/#website"},"datePublished":"2024-09-27T12:46:38+00:00","dateModified":"2024-10-17T12:23:41+00:00","breadcrumb":{"@id":"https:\/\/10klleida.com\/ca\/?page_id=725#breadcrumb"},"inLanguage":"ca","potentialAction":[{"@type":"ReadAction","target":["https:\/\/10klleida.com\/ca\/?page_id=725"]}]},{"@type":"BreadcrumbList","@id":"https:\/\/10klleida.com\/ca\/?page_id=725#breadcrumb","itemListElement":[{"@type":"ListItem","position":1,"name":"Portada","item":"https:\/\/10klleida.com\/ca\/"},{"@type":"ListItem","position":2,"name":"NOT\u00cdCIES"}]},{"@type":"WebSite","@id":"https:\/\/10klleida.com\/#website","url":"https:\/\/10klleida.com\/","name":"10K Lleida","description":"10K Lleida","potentialAction":[{"@type":"SearchAction","target":{"@type":"EntryPoint","urlTemplate":"https:\/\/10klleida.com\/?s={search_term_string}"},"query-input":{"@type":"PropertyValueSpecification","valueRequired":true,"valueName":"search_term_string"}}],"inLanguage":"ca"}]}},"_links":{"self":[{"href":"https:\/\/10klleida.com\/ca\/wp-json\/wp\/v2\/pages\/725"}],"collection":[{"href":"https:\/\/10klleida.com\/ca\/wp-json\/wp\/v2\/pages"}],"about":[{"href":"https:\/\/10klleida.com\/ca\/wp-json\/wp\/v2\/types\/page"}],"author":[{"embeddable":true,"href":"https:\/\/10klleida.com\/ca\/wp-json\/wp\/v2\/users\/1"}],"replies":[{"embeddable":true,"href":"https:\/\/10klleida.com\/ca\/wp-json\/wp\/v2\/comments?post=725"}],"version-history":[{"count":6,"href":"https:\/\/10klleida.com\/ca\/wp-json\/wp\/v2\/pages\/725\/revisions"}],"predecessor-version":[{"id":780,"href":"https:\/\/10klleida.com\/ca\/wp-json\/wp\/v2\/pages\/725\/revisions\/780"}],"wp:attachment":[{"href":"https:\/\/10klleida.com\/ca\/wp-json\/wp\/v2\/media?parent=725"}],"curies":[{"name":"wp","href":"https:\/\/api.w.org\/{rel}","templated":true}]}}